{"id":3547,"date":"2023-06-23T10:59:28","date_gmt":"2023-06-23T10:59:28","guid":{"rendered":"https:\/\/jubopadel.com\/politique-de-confidentialite\/"},"modified":"2024-07-04T07:21:42","modified_gmt":"2024-07-04T07:21:42","slug":"politique-de-confidentialite","status":"publish","type":"page","link":"https:\/\/jubopadel.com\/fr\/politique-de-confidentialite\/","title":{"rendered":"Politique de confidentialit\u00e9"},"content":{"rendered":"\n<p>Cette politique de confidentialit\u00e9 est conforme au R\u00e8glement (UE) 2016\/679 du Parlement europ\u00e9en et du Conseil du 27 avril 2016 relatif \u00e0 la protection des personnes physiques \u00e0 l&rsquo;\u00e9gard du traitement des donn\u00e9es \u00e0 caract\u00e8re personnel et \u00e0 la libre circulation de ces donn\u00e9es (RGPD), \u00e0 la Loi organique 3\/2018 du 5 d\u00e9cembre, sur la protection des donn\u00e9es \u00e0 caract\u00e8re personnel et la garantie des droits num\u00e9riques (LOPDGDD), ainsi que, dans la mesure o\u00f9 elle n&rsquo;est pas contraire \u00e0 la r\u00e9glementation susmentionn\u00e9e, \u00e0 la loi organique 15\/1999, sur la protection des donn\u00e9es \u00e0 caract\u00e8re personnel (LOPD) et \u00e0 ses r\u00e8glements d&rsquo;application, et\/ou \u00e0 ceux qui pourraient les remplacer ou les mettre \u00e0 jour \u00e0 l&rsquo;avenir.<br\/>Notre organisation s&rsquo;engage \u00e0 respecter la confidentialit\u00e9 de vos donn\u00e9es personnelles. Les donn\u00e9es \u00e0 caract\u00e8re personnel fournies sont n\u00e9cessaires \u00e0 la prestation de nos services et sont trait\u00e9es de mani\u00e8re licite, loyale et transparente, en garantissant une s\u00e9curit\u00e9 ad\u00e9quate de ces donn\u00e9es, y compris la protection contre le traitement non autoris\u00e9 ou illicite et contre la perte, la destruction ou les dommages accidentels gr\u00e2ce \u00e0 l&rsquo;application de mesures techniques et organisationnelles.<br\/>Nous souhaitons vous fournir toutes les informations n\u00e9cessaires sur le traitement de vos donn\u00e9es personnelles par cette organisation de mani\u00e8re transparente et \u00e9quitable.<\/p>\n\n<h2 class=\"wp-block-heading\">I.- Responsable du traitement<\/h2>\n\n<ul class=\"wp-block-list\">\n<li>IDENTIT\u00c9 : JUBO PADEL INTERNATIONAL, S.L.<\/li>\n\n\n\n<li>C.I.F. \/ N.I.F. : B53298808<\/li>\n\n\n\n<li>ADRESSE : CALLE RIU XUQUER, NUM 6 &#8211; 03778 BENIARBEIG &#8211; (ALICANTE)<\/li>\n\n\n\n<li>E-MAIL : info@jubopadel.com<\/li>\n<\/ul>\n\n<h2 class=\"wp-block-heading\">II &#8211; Destinataires des donn\u00e9es \u00e0 caract\u00e8re personnel<\/h2>\n\n<ol class=\"wp-block-list\">\n<li>Les donn\u00e9es personnelles fournies ne seront en aucun cas transf\u00e9r\u00e9es, sauf si les traitements sp\u00e9cifiques le pr\u00e9voient.<\/li>\n\n\n\n<li>Optionnellement, pour la passation de contrats de services d&rsquo;informatique en nuage et\/ou de services d&rsquo;envoi de courriels, de communication, ainsi que d&rsquo;autres services informatiques connexes, des donn\u00e9es \u00e0 caract\u00e8re personnel.<\/li>\n<\/ol>\n\n<p>serait :<\/p>\n\n<ul class=\"wp-block-list\">\n<li>Attribu\u00e9 \u00e0 des soci\u00e9t\u00e9s de services informatiques situ\u00e9es dans l&rsquo;Espace \u00e9conomique europ\u00e9en (EEE) ou,<\/li>\n\n\n\n<li>Transf\u00e9r\u00e9es \u00e0 des soci\u00e9t\u00e9s de services informatiques situ\u00e9es en dehors de l&rsquo;EEE et couvertes par le Privacy Shield, afin qu&rsquo;elles disposent de mesures de protection ad\u00e9quates pour garantir la s\u00e9curit\u00e9 des donn\u00e9es personnelles. Vous pouvez obtenir plus d&rsquo;informations en visitant ce lien : https:\/\/www.privacyshield.gov\/welcome<\/li>\n<\/ul>\n\n<h2 class=\"wp-block-heading\">III &#8211; Base juridique l\u00e9gitimant le traitement des donn\u00e9es \u00e0 caract\u00e8re personnel<\/h2>\n\n<p>Pour chaque traitement sp\u00e9cifique de donn\u00e9es \u00e0 caract\u00e8re personnel, nous vous informerons de la base juridique qui le l\u00e9gitime.<\/p>\n\n<h2 class=\"wp-block-heading\">IV &#8211; Droits<\/h2>\n\n<h3 class=\"wp-block-heading\">Droit d&rsquo;acc\u00e8s<\/h3>\n\n<p>Il s&rsquo;agit du droit d&rsquo;obtenir du responsable du traitement la confirmation qu&rsquo;il traite ou non des donn\u00e9es \u00e0 caract\u00e8re personnel concernant l&rsquo;int\u00e9ress\u00e9 et, le cas \u00e9ch\u00e9ant, le droit d&rsquo;acc\u00e8s aux donn\u00e9es \u00e0 caract\u00e8re personnel et aux informations suivantes : les finalit\u00e9s du traitement, les cat\u00e9gories de donn\u00e9es \u00e0 caract\u00e8re personnel. en question, les destinataires ou cat\u00e9gories de destinataires auxquels les donn\u00e9es \u00e0 caract\u00e8re personnel ont \u00e9t\u00e9 ou seront communiqu\u00e9es, la dur\u00e9e de conservation ou les crit\u00e8res utilis\u00e9s pour d\u00e9terminer cette dur\u00e9e, l&rsquo;existence du droit de demander au responsable du traitement la rectification ou l&rsquo;effacement des donn\u00e9es. ou la limitation du traitement des donn\u00e9es personnelles relatives \u00e0 l&rsquo;int\u00e9ress\u00e9 ou de s&rsquo;opposer \u00e0 ce traitement, le droit de d\u00e9poser une r\u00e9clamation aupr\u00e8s de l&rsquo;Agence espagnole de protection des donn\u00e9es (AEPD), l&rsquo;existence, le cas \u00e9ch\u00e9ant, de d\u00e9cisions automatis\u00e9es, y compris l&rsquo;\u00e9laboration de profils, lorsque les donn\u00e9es sont transf\u00e9r\u00e9es \u00e0 des pays tiers, le droit d&rsquo;\u00eatre inform\u00e9 des garanties appropri\u00e9es qui s&rsquo;appliquent.<\/p>\n\n<h3 class=\"wp-block-heading\">Droit de rectification<\/h3>\n\n<p>Il s&rsquo;agit du droit de demander la rectification de vos donn\u00e9es personnelles si elles sont inexactes, y compris le droit de compl\u00e9ter les donn\u00e9es qui semblent incompl\u00e8tes. Il faut tenir compte du fait qu&rsquo;en nous fournissant des donn\u00e9es personnelles par quelque moyen que ce soit, vous garantissez qu&rsquo;elles sont vraies et exactes et vous vous engagez \u00e0 nous notifier tout changement ou modification de celles-ci. Par cons\u00e9quent, tout dommage caus\u00e9 par la communication d&rsquo;informations erron\u00e9es, inexactes ou incompl\u00e8tes dans les formulaires web sera de la responsabilit\u00e9 exclusive de la partie int\u00e9ress\u00e9e.<\/p>\n\n<h3 class=\"wp-block-heading\">Droit de suppression<\/h3>\n\n<p>Vous avez le droit de demander la suppression de vos donn\u00e9es \u00e0 caract\u00e8re personnel lorsque, entre autres, elles ne sont plus n\u00e9cessaires aux fins pour lesquelles elles ont \u00e9t\u00e9 collect\u00e9es, qu&rsquo;elles sont trait\u00e9es d&rsquo;une autre mani\u00e8re ou que vous retirez votre consentement. Il faut tenir compte du fait que la suppression n&rsquo;interviendra pas lors du traitement des donn\u00e9es<br\/>Les donn\u00e9es \u00e0 caract\u00e8re personnel sont n\u00e9cessaires, entre autres, au respect des obligations l\u00e9gales ou \u00e0 la formulation, \u00e0 l&rsquo;exercice ou \u00e0 la d\u00e9fense de r\u00e9clamations.<\/p>\n\n<h3 class=\"wp-block-heading\">Droit \u00e0 la limitation<\/h3>\n\n<p>Il s&rsquo;agit du droit de demander la limitation du traitement de vos donn\u00e9es personnelles, ce qui signifie que, dans certains cas, vous pouvez nous demander de suspendre temporairement le traitement de vos donn\u00e9es personnelles ou de les conserver au-del\u00e0 de la p\u00e9riode n\u00e9cessaire o\u00f9 vous pourriez en avoir besoin.<\/p>\n\n<h3 class=\"wp-block-heading\">Droit de retirer son consentement<\/h3>\n\n<p>Vous avez le droit de retirer le consentement que vous avez fourni en cochant la case \u00ab\u00a0J&rsquo;ai lu et j&rsquo;accepte la politique de confidentialit\u00e9\u00a0\u00bb \u00e0 tout moment et comme indiqu\u00e9 dans la section correspondante \u00ab\u00a0Exercice des droits\u00a0\u00bb ou dans le traitement sp\u00e9cifique des communications commerciales ou de la lettre d&rsquo;information. Il convient de tenir compte du fait que ce droit ne s&rsquo;applique pas si, entre autres, le traitement des donn\u00e9es \u00e0 caract\u00e8re personnel est n\u00e9cessaire au respect d&rsquo;une obligation l\u00e9gale, \u00e0 l&rsquo;ex\u00e9cution et au maintien d&rsquo;une relation contractuelle, ou \u00e0 la formulation, \u00e0 l&rsquo;exercice ou \u00e0 la d\u00e9fense d&rsquo;une r\u00e9clamation. De m\u00eame, le retrait du consentement n&rsquo;aura pas d&rsquo;effets r\u00e9troactifs, c&rsquo;est-\u00e0-dire qu&rsquo;il n&rsquo;affectera pas la l\u00e9galit\u00e9 du traitement fond\u00e9 sur le consentement avant son retrait.<\/p>\n\n<h3 class=\"wp-block-heading\">Droit \u00e0 la portabilit\u00e9<\/h3>\n\n<p>C&rsquo;est le droit de recevoir les donn\u00e9es personnelles qui vous concernent et que vous nous avez fournies, dans un format structur\u00e9, couramment utilis\u00e9 et lisible par machine, et de les transmettre \u00e0 un autre responsable, \u00e0 condition que : le traitement soit bas\u00e9 sur votre consentement et qu&rsquo;il soit effectu\u00e9 par des moyens automatis\u00e9s ou informatiques.<\/p>\n\n<h3 class=\"wp-block-heading\">Droit d&rsquo;opposition  <\/h3>\n\n<p>Il s&rsquo;agit du droit de s&rsquo;opposer au traitement de vos donn\u00e9es personnelles sur la base de notre int\u00e9r\u00eat l\u00e9gitime. Nous ne continuerons pas \u00e0 traiter vos donn\u00e9es \u00e0 caract\u00e8re personnel \u00e0 moins que nous ne puissions d\u00e9montrer des motifs l\u00e9gitimes imp\u00e9rieux pour le traitement qui l&#8217;emportent sur vos int\u00e9r\u00eats, droits et libert\u00e9s, ou pour l&rsquo;\u00e9tablissement, l&rsquo;exercice ou la d\u00e9fense de r\u00e9clamations.<\/p>\n\n<h3 class=\"wp-block-heading\">Droit de d\u00e9poser une r\u00e9clamation aupr\u00e8s d&rsquo;une autorit\u00e9 de contr\u00f4le<\/h3>\n\n<p>Si vous estimez que nous traitons vos donn\u00e9es personnelles de mani\u00e8re incorrecte, vous pouvez nous contacter ou vous avez \u00e9galement le droit de d\u00e9poser une r\u00e9clamation aupr\u00e8s de l&rsquo;Agence espagnole de protection des donn\u00e9es (AEPD) :<br\/><a href=\"https:\/\/www.agpd.es\/portalwebAGPD\/index-ides-idphp.php\" target=\"_blank\" rel=\"noopener\">https:\/\/www.agpd.es\/portalwebAGPD\/index-ides-idphp.php<\/a><\/p>\n\n<h3 class=\"wp-block-heading\">Exercice des droits<\/h3>\n\n<p>Vous pouvez exercer vos droits en \u00e9crivant \u00e0 l&rsquo;adresse postale indiqu\u00e9e ci-dessus ou en envoyant un courriel \u00e0 info@jubopadel.com, en joignant dans les deux cas une copie de votre NIF\/NIE\/Passeport ou d&rsquo;un document similaire.<\/p>\n\n<h2 class=\"wp-block-heading\">V.- Traitement des donn\u00e9es \u00e0 caract\u00e8re personnel<\/h2>\n\n<h3 class=\"wp-block-heading\">Dispositions g\u00e9n\u00e9rales<\/h3>\n\n<p>Les donn\u00e9es personnelles demand\u00e9es dans chacun des traitements sp\u00e9cifiques sont ad\u00e9quates, pertinentes et limit\u00e9es \u00e0 ce qui est n\u00e9cessaire au regard des finalit\u00e9s pour lesquelles elles sont trait\u00e9es, de sorte que le principe de minimisation des donn\u00e9es est respect\u00e9.<br\/>Les donn\u00e9es personnelles demand\u00e9es dans chacun des traitements sp\u00e9cifiques sont strictement n\u00e9cessaires ; le refus de les fournir impliquerait l&rsquo;impossibilit\u00e9 de fournir le service demand\u00e9.<br\/>Les communications de donn\u00e9es personnelles pr\u00e9vues dans chacun des traitements sp\u00e9cifiques sont dans certains cas n\u00e9cessaires \u00e0 l&rsquo;ex\u00e9cution et au maintien d&rsquo;un contrat et dans d&rsquo;autres cas au respect d&rsquo;une obligation l\u00e9gale applicable au responsable du traitement.<\/p>\n\n<h3 class=\"wp-block-heading\">Assistant num\u00e9rique &#8211; \u00ab\u00a0Chatbot\u00a0\u00bb ou \u00ab\u00a0Chat en ligne\u00a0\u00bb.<\/h3>\n\n<p>Dans le cas o\u00f9 ce site web utilise un logiciel de chat en ligne, fourni en libre-service pour fournir aux utilisateurs une r\u00e9ponse ad\u00e9quate et rapide aux questions courantes et pour am\u00e9liorer les services aux consommateurs au profit des utilisateurs qui visitent le site web, les donn\u00e9es suivantes seront trait\u00e9es pendant la conversation avec le \u00ab\u00a0chat bot\u00a0\u00bb : l&rsquo;adresse IP et d&rsquo;autres donn\u00e9es personnelles saisies dans la fonction de conversation du \u00ab\u00a0chat bot\u00a0\u00bb.<br\/>Les donn\u00e9es collect\u00e9es ne seront pas utilis\u00e9es pour identifier personnellement le visiteur du site web et ne seront pas fusionn\u00e9es avec les donn\u00e9es personnelles concernant le porteur du pseudonyme, \u00e0 moins que les donn\u00e9es personnelles ne soient fournies volontairement lors de l&rsquo;utilisation du chat en ligne.<br\/>La base juridique de ce traitement est \u00e9nonc\u00e9e \u00e0 l&rsquo;article 6, paragraphe 1, point f), du r\u00e8glement GDPR.<\/p>\n\n<h3 class=\"wp-block-heading\">Formulaire de contact<\/h3>\n\n<p>Les donn\u00e9es \u00e0 caract\u00e8re personnel seront trait\u00e9es afin de canaliser les demandes d&rsquo;information, les suggestions et les plaintes des utilisateurs ou des clients.<br\/>La base juridique qui l\u00e9gitime le traitement des donn\u00e9es personnelles est le consentement explicite en cochant la case \u00ab\u00a0J&rsquo;ai lu et j&rsquo;accepte la politique de confidentialit\u00e9\u00a0\u00bb.<br\/>Les donn\u00e9es personnelles seront conserv\u00e9es pendant une p\u00e9riode de deux ans \u00e0 partir du moment o\u00f9 elles cessent d&rsquo;\u00eatre trait\u00e9es, sans pr\u00e9judice de l&rsquo;exercice des droits dont vous b\u00e9n\u00e9ficiez en tant que partie int\u00e9ress\u00e9e.<\/p>\n\n<h3 class=\"wp-block-heading\">Communications commerciales ou lettre d&rsquo;information<\/h3>\n\n<p>Les donn\u00e9es personnelles seront trait\u00e9es pour g\u00e9rer l&rsquo;abonnement \u00e0 notre Newsletter, y compris l&rsquo;envoi d&rsquo;informations personnalis\u00e9es ou non sur nos produits ou services par divers moyens tels que le t\u00e9l\u00e9phone, le courrier \u00e9lectronique, les SMS, les applications pour appareils mobiles, ainsi que par toute proc\u00e9dure. analogues. Il faut tenir compte du fait que ce type de traitement des donn\u00e9es peut impliquer l&rsquo;analyse de votre profil d&rsquo;utilisateur afin de d\u00e9terminer vos pr\u00e9f\u00e9rences et de pouvoir ainsi vous envoyer des informations plus appropri\u00e9es \u00e0 vos int\u00e9r\u00eats.<br\/>Vous pouvez demander l&rsquo;annulation de ce type de traitement, en fonction des moyens utilis\u00e9s, de la mani\u00e8re suivante : &#8211; Courriel : Par le biais du lien pr\u00e9vu \u00e0 cet effet que vous trouverez dans chacune des communications.<br\/>par voie \u00e9lectronique ou par une proc\u00e9dure similaire sp\u00e9cifi\u00e9e dans la communication commerciale. &#8211; WhatsApp (autres applications) : Demande de d\u00e9sinscription.<\/p>\n\n<h4 class=\"wp-block-heading\">&#8211; SMS : Demande de d\u00e9sinscription.<\/h4>\n\n<p>La base juridique qui l\u00e9gitime le traitement des donn\u00e9es personnelles est le consentement expr\u00e8s donn\u00e9 : en cochant la case \u00ab\u00a0J&rsquo;ai lu et j&rsquo;accepte la politique de confidentialit\u00e9\u00a0\u00bb sur le site web, par le biais d&rsquo;un document physique ou d&rsquo;un courrier \u00e9lectronique, selon le cas.<br\/>Il faut tenir compte du fait que si le support utilis\u00e9 est WhatsApp, les donn\u00e9es \u00e0 caract\u00e8re personnel seront transf\u00e9r\u00e9es \u00e0 WhatsApp Ireland Limited, qui est situ\u00e9 dans l&rsquo;EEE.<br\/>Les donn\u00e9es \u00e0 caract\u00e8re personnel seront conserv\u00e9es tant que vous n&rsquo;aurez pas retir\u00e9 votre consentement de la mani\u00e8re indiqu\u00e9e dans la pr\u00e9sente section.<\/p>\n","protected":false},"excerpt":{"rendered":"<p>Cette politique de confidentialit\u00e9 est conforme au R\u00e8glement (UE) 2016\/679 du Parlement europ\u00e9en et du Conseil du 27 avril 2016 relatif \u00e0 la protection des personnes physiques \u00e0 l&rsquo;\u00e9gard du traitement des donn\u00e9es \u00e0 caract\u00e8re personnel et \u00e0 la libre circulation de ces donn\u00e9es (RGPD), \u00e0 la Loi organique 3\/2018 du 5 d\u00e9cembre, sur la [&hellip;]<\/p>\n","protected":false},"author":1,"featured_media":0,"parent":0,"menu_order":0,"comment_status":"closed","ping_status":"open","template":"","meta":{"footnotes":""},"class_list":["post-3547","page","type-page","status-publish","hentry"],"_links":{"self":[{"href":"https:\/\/jubopadel.com\/fr\/wp-json\/wp\/v2\/pages\/3547","targetHints":{"allow":["GET"]}}],"collection":[{"href":"https:\/\/jubopadel.com\/fr\/wp-json\/wp\/v2\/pages"}],"about":[{"href":"https:\/\/jubopadel.com\/fr\/wp-json\/wp\/v2\/types\/page"}],"author":[{"embeddable":true,"href":"https:\/\/jubopadel.com\/fr\/wp-json\/wp\/v2\/users\/1"}],"replies":[{"embeddable":true,"href":"https:\/\/jubopadel.com\/fr\/wp-json\/wp\/v2\/comments?post=3547"}],"version-history":[{"count":8,"href":"https:\/\/jubopadel.com\/fr\/wp-json\/wp\/v2\/pages\/3547\/revisions"}],"predecessor-version":[{"id":9537,"href":"https:\/\/jubopadel.com\/fr\/wp-json\/wp\/v2\/pages\/3547\/revisions\/9537"}],"wp:attachment":[{"href":"https:\/\/jubopadel.com\/fr\/wp-json\/wp\/v2\/media?parent=3547"}],"curies":[{"name":"wp","href":"https:\/\/api.w.org\/{rel}","templated":true}]}}